{"id":991418,"date":"2026-04-16T21:57:10","date_gmt":"2026-04-16T21:57:10","guid":{"rendered":"https:\/\/lovebici.com\/?post_type=product&#038;p=991418"},"modified":"2026-04-23T13:05:22","modified_gmt":"2026-04-23T13:05:22","slug":"berlin-alquiler","status":"publish","type":"product","link":"https:\/\/lovebici.com\/en\/tienda\/alquiler\/berlin-alquiler\/","title":{"rendered":"Berlin"},"content":{"rendered":"","protected":false},"excerpt":{"rendered":"<p>Bicicleta el\u00e9ctrica cargo con m\u00e1xima capacidad de carga y autonom\u00eda extrema. Ideal para llevar compras pesadas, accesorios o equipaje.<\/p>\n<p><strong>Caracter\u00edsticas principales:<\/strong><\/p>\n<ul>\n<li><strong>Potencia:<\/strong> 250 W<\/li>\n<li><strong>Autonom\u00eda:<\/strong> Hasta 125 km<\/li>\n<li><strong>Bater\u00eda:<\/strong> Doble bater\u00eda (carga independiente)<\/li>\n<\/ul>\n<div style=\"display: flex; align-items: baseline; margin-top: 15px; margin-bottom: 20px;\"><span style=\"font-size: 38px; font-weight: 900; color: #111;\">75\u20ac<\/span><br \/>\n<span style=\"font-size: 20px; text-decoration: line-through; color: #888; margin-left: 12px;\">83.33\u20ac<\/span><br \/>\n<span style=\"background-color: #d90000; color: #ffffff; font-size: 14px; font-weight: bold; padding: 4px 8px; border-radius: 4px; margin-left: 12px; letter-spacing: 0.5px;\">-10% Descuento Online<\/span><\/div>\n","protected":false},"featured_media":991408,"comment_status":"open","ping_status":"closed","template":"","meta":{"inline_featured_image":false,"_EventAllDay":false,"_EventTimezone":"","_EventStartDate":"","_EventEndDate":"","_EventStartDateUTC":"","_EventEndDateUTC":"","_EventShowMap":false,"_EventShowMapLink":false,"_EventURL":"","_EventCost":"","_EventCostDescription":"","_EventCurrencySymbol":"","_EventCurrencyCode":"","_EventCurrencyPosition":"","_EventDateTimeSeparator":"","_EventTimeRangeSeparator":"","_EventOrganizerID":[],"_EventVenueID":[],"_OrganizerEmail":"","_OrganizerPhone":"","_OrganizerWebsite":"","_VenueAddress":"","_VenueCity":"","_VenueCountry":"","_VenueProvince":"","_VenueState":"","_VenueZip":"","_VenuePhone":"","_VenueURL":"","_VenueStateProvince":"","_VenueLat":"","_VenueLng":"","_VenueShowMap":false,"_VenueShowMapLink":false},"product_brand":[],"product_cat":[118],"product_tag":[],"class_list":{"0":"post-991418","1":"product","2":"type-product","3":"status-publish","4":"has-post-thumbnail","6":"product_cat-alquiler","8":"first","9":"instock","10":"taxable","11":"shipping-taxable","12":"purchasable","13":"product-type-phive_booking"},"yoast_head":"<!-- This site is optimized with the Yoast SEO plugin v27.5 - https:\/\/yoast.com\/product\/yoast-seo-wordpress\/ -->\n<title>Berlin - Love Bici<\/title>\n<meta name=\"description\" content=\"Alquilamos la bicicleta el\u00e9ctrica Cargo Youin Berl\u00edn. Ideal para moverte con cargas pesadas o equipaje gracias a sus 125km de autonom\u00eda. \u00a1Reserva online con 10% de descuento!\" \/>\n<meta name=\"robots\" content=\"index, follow, max-snippet:-1, max-image-preview:large, max-video-preview:-1\" \/>\n<link rel=\"canonical\" href=\"https:\/\/lovebici.com\/en\/tienda\/alquiler\/berlin-alquiler\/\" \/>\n<meta property=\"og:locale\" content=\"en_US\" \/>\n<meta property=\"og:type\" content=\"article\" \/>\n<meta property=\"og:title\" content=\"Berlin - Love Bici\" \/>\n<meta property=\"og:description\" content=\"Alquilamos la bicicleta el\u00e9ctrica Cargo Youin Berl\u00edn. Ideal para moverte con cargas pesadas o equipaje gracias a sus 125km de autonom\u00eda. \u00a1Reserva online con 10% de descuento!\" \/>\n<meta property=\"og:url\" content=\"https:\/\/lovebici.com\/en\/tienda\/alquiler\/berlin-alquiler\/\" \/>\n<meta property=\"og:site_name\" content=\"Love Bici\" \/>\n<meta property=\"article:modified_time\" content=\"2026-04-23T13:05:22+00:00\" \/>\n<meta property=\"og:image\" content=\"https:\/\/lovebici.com\/wp-content\/uploads\/2026\/04\/bicicleta-electrica-cargo-youin-berlin2.png\" \/>\n\t<meta property=\"og:image:width\" content=\"2000\" \/>\n\t<meta property=\"og:image:height\" content=\"2000\" \/>\n\t<meta property=\"og:image:type\" content=\"image\/png\" \/>\n<meta name=\"twitter:card\" content=\"summary_large_image\" \/>\n<meta name=\"twitter:label1\" content=\"Est. reading time\" \/>\n\t<meta name=\"twitter:data1\" content=\"1 minute\" \/>\n<script type=\"application\/ld+json\" class=\"yoast-schema-graph\">{\"@context\":\"https:\\\/\\\/schema.org\",\"@graph\":[{\"@type\":\"WebPage\",\"@id\":\"https:\\\/\\\/lovebici.com\\\/en\\\/tienda\\\/alquiler\\\/berlin-alquiler\\\/\",\"url\":\"https:\\\/\\\/lovebici.com\\\/en\\\/tienda\\\/alquiler\\\/berlin-alquiler\\\/\",\"name\":\"Berlin - Love Bici\",\"isPartOf\":{\"@id\":\"https:\\\/\\\/lovebici.com\\\/en\\\/#website\"},\"primaryImageOfPage\":{\"@id\":\"https:\\\/\\\/lovebici.com\\\/en\\\/tienda\\\/alquiler\\\/berlin-alquiler\\\/#primaryimage\"},\"image\":{\"@id\":\"https:\\\/\\\/lovebici.com\\\/en\\\/tienda\\\/alquiler\\\/berlin-alquiler\\\/#primaryimage\"},\"thumbnailUrl\":\"https:\\\/\\\/lovebici.com\\\/wp-content\\\/uploads\\\/2026\\\/04\\\/bicicleta-electrica-cargo-youin-berlin2.png\",\"datePublished\":\"2026-04-16T21:57:10+00:00\",\"dateModified\":\"2026-04-23T13:05:22+00:00\",\"description\":\"Alquilamos la bicicleta el\u00e9ctrica Cargo Youin Berl\u00edn. Ideal para moverte con cargas pesadas o equipaje gracias a sus 125km de autonom\u00eda. \u00a1Reserva online con 10% de descuento!\",\"breadcrumb\":{\"@id\":\"https:\\\/\\\/lovebici.com\\\/en\\\/tienda\\\/alquiler\\\/berlin-alquiler\\\/#breadcrumb\"},\"inLanguage\":\"en-US\",\"potentialAction\":[{\"@type\":\"ReadAction\",\"target\":[\"https:\\\/\\\/lovebici.com\\\/en\\\/tienda\\\/alquiler\\\/berlin-alquiler\\\/\"]}]},{\"@type\":\"ImageObject\",\"inLanguage\":\"en-US\",\"@id\":\"https:\\\/\\\/lovebici.com\\\/en\\\/tienda\\\/alquiler\\\/berlin-alquiler\\\/#primaryimage\",\"url\":\"https:\\\/\\\/lovebici.com\\\/wp-content\\\/uploads\\\/2026\\\/04\\\/bicicleta-electrica-cargo-youin-berlin2.png\",\"contentUrl\":\"https:\\\/\\\/lovebici.com\\\/wp-content\\\/uploads\\\/2026\\\/04\\\/bicicleta-electrica-cargo-youin-berlin2.png\",\"width\":2000,\"height\":2000},{\"@type\":\"BreadcrumbList\",\"@id\":\"https:\\\/\\\/lovebici.com\\\/en\\\/tienda\\\/alquiler\\\/berlin-alquiler\\\/#breadcrumb\",\"itemListElement\":[{\"@type\":\"ListItem\",\"position\":1,\"name\":\"Portada\",\"item\":\"https:\\\/\\\/lovebici.com\\\/en\\\/\"},{\"@type\":\"ListItem\",\"position\":2,\"name\":\"Products\",\"item\":\"https:\\\/\\\/lovebici.com\\\/en\\\/shop\\\/\"},{\"@type\":\"ListItem\",\"position\":3,\"name\":\"Berlin\"}]},{\"@type\":\"WebSite\",\"@id\":\"https:\\\/\\\/lovebici.com\\\/en\\\/#website\",\"url\":\"https:\\\/\\\/lovebici.com\\\/en\\\/\",\"name\":\"Love Bici\",\"description\":\"\",\"publisher\":{\"@id\":\"https:\\\/\\\/lovebici.com\\\/en\\\/#organization\"},\"potentialAction\":[{\"@type\":\"SearchAction\",\"target\":{\"@type\":\"EntryPoint\",\"urlTemplate\":\"https:\\\/\\\/lovebici.com\\\/en\\\/?s={search_term_string}\"},\"query-input\":{\"@type\":\"PropertyValueSpecification\",\"valueRequired\":true,\"valueName\":\"search_term_string\"}}],\"inLanguage\":\"en-US\"},{\"@type\":\"Organization\",\"@id\":\"https:\\\/\\\/lovebici.com\\\/en\\\/#organization\",\"name\":\"Love Bici\",\"url\":\"https:\\\/\\\/lovebici.com\\\/en\\\/\",\"logo\":{\"@type\":\"ImageObject\",\"inLanguage\":\"en-US\",\"@id\":\"https:\\\/\\\/lovebici.com\\\/en\\\/#\\\/schema\\\/logo\\\/image\\\/\",\"url\":\"https:\\\/\\\/lovebici.com\\\/wp-content\\\/uploads\\\/2023\\\/04\\\/cropped-cropped-logo-love_bici.png\",\"contentUrl\":\"https:\\\/\\\/lovebici.com\\\/wp-content\\\/uploads\\\/2023\\\/04\\\/cropped-cropped-logo-love_bici.png\",\"width\":602,\"height\":602,\"caption\":\"Love Bici\"},\"image\":{\"@id\":\"https:\\\/\\\/lovebici.com\\\/en\\\/#\\\/schema\\\/logo\\\/image\\\/\"}}]}<\/script>\n<!-- \/ Yoast SEO plugin. -->","yoast_head_json":{"title":"Berlin - Love Bici","description":"Alquilamos la bicicleta el\u00e9ctrica Cargo Youin Berl\u00edn. Ideal para moverte con cargas pesadas o equipaje gracias a sus 125km de autonom\u00eda. \u00a1Reserva online con 10% de descuento!","robots":{"index":"index","follow":"follow","max-snippet":"max-snippet:-1","max-image-preview":"max-image-preview:large","max-video-preview":"max-video-preview:-1"},"canonical":"https:\/\/lovebici.com\/en\/tienda\/alquiler\/berlin-alquiler\/","og_locale":"en_US","og_type":"article","og_title":"Berlin - Love Bici","og_description":"Alquilamos la bicicleta el\u00e9ctrica Cargo Youin Berl\u00edn. Ideal para moverte con cargas pesadas o equipaje gracias a sus 125km de autonom\u00eda. \u00a1Reserva online con 10% de descuento!","og_url":"https:\/\/lovebici.com\/en\/tienda\/alquiler\/berlin-alquiler\/","og_site_name":"Love Bici","article_modified_time":"2026-04-23T13:05:22+00:00","og_image":[{"width":2000,"height":2000,"url":"https:\/\/lovebici.com\/wp-content\/uploads\/2026\/04\/bicicleta-electrica-cargo-youin-berlin2.png","type":"image\/png"}],"twitter_card":"summary_large_image","twitter_misc":{"Est. reading time":"1 minute"},"schema":{"@context":"https:\/\/schema.org","@graph":[{"@type":"WebPage","@id":"https:\/\/lovebici.com\/en\/tienda\/alquiler\/berlin-alquiler\/","url":"https:\/\/lovebici.com\/en\/tienda\/alquiler\/berlin-alquiler\/","name":"Berlin - Love Bici","isPartOf":{"@id":"https:\/\/lovebici.com\/en\/#website"},"primaryImageOfPage":{"@id":"https:\/\/lovebici.com\/en\/tienda\/alquiler\/berlin-alquiler\/#primaryimage"},"image":{"@id":"https:\/\/lovebici.com\/en\/tienda\/alquiler\/berlin-alquiler\/#primaryimage"},"thumbnailUrl":"https:\/\/lovebici.com\/wp-content\/uploads\/2026\/04\/bicicleta-electrica-cargo-youin-berlin2.png","datePublished":"2026-04-16T21:57:10+00:00","dateModified":"2026-04-23T13:05:22+00:00","description":"Alquilamos la bicicleta el\u00e9ctrica Cargo Youin Berl\u00edn. Ideal para moverte con cargas pesadas o equipaje gracias a sus 125km de autonom\u00eda. \u00a1Reserva online con 10% de descuento!","breadcrumb":{"@id":"https:\/\/lovebici.com\/en\/tienda\/alquiler\/berlin-alquiler\/#breadcrumb"},"inLanguage":"en-US","potentialAction":[{"@type":"ReadAction","target":["https:\/\/lovebici.com\/en\/tienda\/alquiler\/berlin-alquiler\/"]}]},{"@type":"ImageObject","inLanguage":"en-US","@id":"https:\/\/lovebici.com\/en\/tienda\/alquiler\/berlin-alquiler\/#primaryimage","url":"https:\/\/lovebici.com\/wp-content\/uploads\/2026\/04\/bicicleta-electrica-cargo-youin-berlin2.png","contentUrl":"https:\/\/lovebici.com\/wp-content\/uploads\/2026\/04\/bicicleta-electrica-cargo-youin-berlin2.png","width":2000,"height":2000},{"@type":"BreadcrumbList","@id":"https:\/\/lovebici.com\/en\/tienda\/alquiler\/berlin-alquiler\/#breadcrumb","itemListElement":[{"@type":"ListItem","position":1,"name":"Portada","item":"https:\/\/lovebici.com\/en\/"},{"@type":"ListItem","position":2,"name":"Products","item":"https:\/\/lovebici.com\/en\/shop\/"},{"@type":"ListItem","position":3,"name":"Berlin"}]},{"@type":"WebSite","@id":"https:\/\/lovebici.com\/en\/#website","url":"https:\/\/lovebici.com\/en\/","name":"Love Bici","description":"","publisher":{"@id":"https:\/\/lovebici.com\/en\/#organization"},"potentialAction":[{"@type":"SearchAction","target":{"@type":"EntryPoint","urlTemplate":"https:\/\/lovebici.com\/en\/?s={search_term_string}"},"query-input":{"@type":"PropertyValueSpecification","valueRequired":true,"valueName":"search_term_string"}}],"inLanguage":"en-US"},{"@type":"Organization","@id":"https:\/\/lovebici.com\/en\/#organization","name":"Love Bici","url":"https:\/\/lovebici.com\/en\/","logo":{"@type":"ImageObject","inLanguage":"en-US","@id":"https:\/\/lovebici.com\/en\/#\/schema\/logo\/image\/","url":"https:\/\/lovebici.com\/wp-content\/uploads\/2023\/04\/cropped-cropped-logo-love_bici.png","contentUrl":"https:\/\/lovebici.com\/wp-content\/uploads\/2023\/04\/cropped-cropped-logo-love_bici.png","width":602,"height":602,"caption":"Love Bici"},"image":{"@id":"https:\/\/lovebici.com\/en\/#\/schema\/logo\/image\/"}}]}},"_links":{"self":[{"href":"https:\/\/lovebici.com\/en\/wp-json\/wp\/v2\/product\/991418","targetHints":{"allow":["GET"]}}],"collection":[{"href":"https:\/\/lovebici.com\/en\/wp-json\/wp\/v2\/product"}],"about":[{"href":"https:\/\/lovebici.com\/en\/wp-json\/wp\/v2\/types\/product"}],"replies":[{"embeddable":true,"href":"https:\/\/lovebici.com\/en\/wp-json\/wp\/v2\/comments?post=991418"}],"wp:featuredmedia":[{"embeddable":true,"href":"https:\/\/lovebici.com\/en\/wp-json\/wp\/v2\/media\/991408"}],"wp:attachment":[{"href":"https:\/\/lovebici.com\/en\/wp-json\/wp\/v2\/media?parent=991418"}],"wp:term":[{"taxonomy":"product_brand","embeddable":true,"href":"https:\/\/lovebici.com\/en\/wp-json\/wp\/v2\/product_brand?post=991418"},{"taxonomy":"product_cat","embeddable":true,"href":"https:\/\/lovebici.com\/en\/wp-json\/wp\/v2\/product_cat?post=991418"},{"taxonomy":"product_tag","embeddable":true,"href":"https:\/\/lovebici.com\/en\/wp-json\/wp\/v2\/product_tag?post=991418"}],"curies":[{"name":"wp","href":"https:\/\/api.w.org\/{rel}","templated":true}]}}